{"id":6998,"date":"2021-12-06T03:26:17","date_gmt":"2021-12-06T00:26:17","guid":{"rendered":"https:\/\/sinopale8.org\/events\/a-cup-of-tea-as-an-archive-3\/"},"modified":"2022-09-13T17:01:43","modified_gmt":"2022-09-13T14:01:43","slug":"a-cup-of-tea-as-an-archive-3","status":"publish","type":"events","link":"https:\/\/sinopale8.org\/tr\/etkinlikler\/a-cup-of-tea-as-an-archive-3\/","title":{"rendered":"\u00c7ay E\u015fli\u011finde Canl\u0131 Bir Ar\u015fiv 3"},"content":{"rendered":"[vc_row thb_full_width=&#8221;true&#8221; thb_divider_position=&#8221;bottom&#8221; css=&#8221;.vc_custom_1635625888589{margin-top: 90px !important;}&#8221;][vc_column width=&#8221;1\/4&#8243;][vc_single_image image=&#8221;12120&#8243; img_size=&#8221;full&#8221;][\/vc_column][vc_column width=&#8221;3\/4&#8243;][vc_wp_text]\n<h2>\u00c7AY E\u015eL\u0130\u011e\u0130NDE CANLI B\u0130R AR\u015e\u0130V 3<\/h2>\n<h2>&#8220;Benim Bedenim, Benim Karar\u0131m&#8221;<\/h2>\n[\/vc_wp_text][vc_column_text]\u00c7ay E\u015fli\u011finde Canl\u0131 Bir Ar\u015fiv Projesi kapsam\u0131nda Mahir Namur, bu kez H\u00fclya Karaka\u015f, Onur \u00c7evik, Aysel Sevil S\u00fcrek ve Zehra Konukman&#8217;\u0131 konuk ederek Karaka\u015f&#8217;\u0131n Sinopale 5&#8217;te ger\u00e7ekle\u015fen &#8220;Benim Bedenim, Benim Karar\u0131m&#8221; adl\u0131 kat\u0131l\u0131mc\u0131 performans\u0131n\u0131 de\u011ferlendirmektedirler.[\/vc_column_text][vc_video link=&#8221;https:\/\/youtu.be\/g2lLi0PxzLQ&#8221;][vc_column_text]\n<div class=\"wpb_text_column wpb_content_element \">\n<hr \/>\n<p>H\u00fclya Karaka\u015f&#8217;\u0131n <a href=\"https:\/\/sinopale8.org\/tr\/sinopale-5\/\">Sinopale 5<\/a> kapsam\u0131nda ger\u00e7ekle\u015ftirdi\u011fi &#8220;Benim Bedenim, Benim Karar\u0131m&#8221; isimli performansa ar\u015fivimizden ula\u015fabilirsiniz. <strong><a href=\"https:\/\/sinopale8.org\/tr\/benim-bedenim-benim-kararim\/\">&#8220;Benim Bedenim, Benim Karar\u0131m, 2014&#8221; i\u00e7in t\u0131klay\u0131n\u0131z.<\/a><\/strong><\/p>\n<\/div>\n[\/vc_column_text][\/vc_column][\/vc_row][vc_column width=&#8221;1\/4&#8243;][vc_single_image image=&#8221;6248&#8243; img_size=&#8221;full&#8221;][\/vc_column][vc_column width=&#8221;3\/4&#8243;][vc_wp_text]\n<h2>PROJE: \u00c7AY E\u015eL\u0130\u011e\u0130NDE CANLI B\u0130R AR\u015e\u0130V<\/h2>\n[\/vc_wp_text][vc_column_text]Uzun y\u0131llard\u0131r ar\u015fivler, hem akademik tart\u0131\u015fmalar\u0131n konusu hem de pek \u00e7ok sanat\u00e7\u0131n\u0131n yarat\u0131c\u0131 ve ara\u015ft\u0131rmac\u0131 s\u00fcre\u00e7leri i\u00e7in kulland\u0131klar\u0131 bir alan olarak daima g\u00fcndemde kalm\u0131\u015ft\u0131r. Oysa bu durum, \u00f6l\u00fc bir yer olarak betimlenen geleneksel ar\u015fiv imaj\u0131yla ya da g\u00f6zl\u00fckl\u00fc,\u00a0 k\u00e2tip kollu\u011fu takm\u0131\u015f gri sa\u00e7l\u0131 bir uzman \u015feklinde betimlenen ar\u015fivci kli\u015fesiyle tam bir tezat olu\u015fturmaktad\u0131r.<\/p>\n<p>Ar\u015fivlerin iki temel i\u015flevini hat\u0131rlayal\u0131m: Ar\u015fivlerin uygulamadaki ilk i\u015flevi vergi dosyalar\u0131m\u0131z\u0131n ar\u015fivlenmesi \u00f6rne\u011finde oldu\u011fu gibi bir kurumu, toplulu\u011fu veya \u00fclkeyi i\u015fler halde tutmakt\u0131r.[\/vc_column_text]\t<a class=\"btn thb-pill-style     small\" href=\"https:\/\/sinopale8.org\/tr\/projeler\/cay-esliginde-canli-bir-arsiv\/\" target=\"_self\" role=\"button\" title=\"PROJE HAKKINDA DAHA FAZLA DETAY \u0130\u00c7\u0130N TIKLAYINIZ.\"><span>PROJE HAKKINDA DAHA FAZLA DETAY \u0130\u00c7\u0130N TIKLAYINIZ.<\/span><\/a>\n\n\t[\/vc_column][vc_row thb_divider_position=&#8221;bottom&#8221;][vc_column]\t<div class=\"thb-share-icons thb-right style2\">\n\t\t\t\t<ul>\n\t\t\t\t\t\t<li><a href=\"http:\/\/www.facebook.com\/sharer.php?u=https%3A%2F%2Fsinopale8.org%2Ftr%2Fetkinlikler%2Fa-cup-of-tea-as-an-archive-3%2F\" class=\"social  facebook\"><i class=\"fa fa-facebook\"><\/i><\/a><\/li>\n\t\t\t\t\t\t\t\t\t<li><a href=\"https:\/\/twitter.com\/intent\/tweet?text=%C3%87ay%20E%C5%9Fli%C4%9Finde%20Canl%C4%B1%20Bir%20Ar%C5%9Fiv%203&url=https%3A%2F%2Fsinopale8.org%2Ftr%2Fetkinlikler%2Fa-cup-of-tea-as-an-archive-3%2F&via=Sinopale8\" class=\"social  twitter\"><i class=\"fa fa-twitter\"><\/i><\/a><\/li>\n\t\t\t\t\t\t\t\t\t\t\t\t<li><a href=\"https:\/\/www.linkedin.com\/cws\/share?url=https:\/\/sinopale8.org\/tr\/etkinlikler\/a-cup-of-tea-as-an-archive-3\/\" class=\"social  linkedin\"><i class=\"fa fa-linkedin\"><\/i><\/a><\/li>\n\t\t\t\t\t\t\t\t\t<li><a href=\"whatsapp:\/\/send?text=%C3%87ay%20E%C5%9Fli%C4%9Finde%20Canl%C4%B1%20Bir%20Ar%C5%9Fiv%203\" class=\"social  whatsapp\" data-href=\"https:\/\/sinopale8.org\/tr\/etkinlikler\/a-cup-of-tea-as-an-archive-3\/\" data-action=\"share\/whatsapp\/share\"><i class=\"fa fa-whatsapp\"><\/i><\/a><\/li>\n\t\t\t\t\t\t\t\t\t\t\t\t\t\t<\/ul>\n\t<\/div>\n\t[\/vc_column][\/vc_row]\n","protected":false},"excerpt":{"rendered":"<p>[vc_row thb_full_width=&#8221;true&#8221; thb_divider_position=&#8221;bottom&#8221; css=&#8221;.vc_custom_1635625888589{margin-top: 90px !important;}&#8221;][vc_column width=&#8221;1\/4&#8243;][vc_single_image image=&#8221;12120&#8243; img_size=&#8221;full&#8221;][\/vc_column][vc_column width=&#8221;3\/4&#8243;][vc_wp_text] \u00c7AY E\u015eL\u0130\u011e\u0130NDE CANLI B\u0130R AR\u015e\u0130V 3 &#8220;Benim Bedenim, Benim Karar\u0131m&#8221; [\/vc_wp_text][vc_column_text]\u00c7ay E\u015fli\u011finde Canl\u0131 Bir Ar\u015fiv Projesi kapsam\u0131nda Mahir Namur, bu kez H\u00fclya Karaka\u015f, Onur \u00c7evik, Aysel Sevil S\u00fcrek ve Zehra Konukman&#8217;\u0131 konuk ederek Karaka\u015f&#8217;\u0131n Sinopale 5&#8217;te ger\u00e7ekle\u015fen &#8220;Benim Bedenim, Benim Karar\u0131m&#8221; adl\u0131 kat\u0131l\u0131mc\u0131 performans\u0131n\u0131 de\u011ferlendirmektedirler.[\/vc_column_text][vc_video&hellip;<\/p>\n","protected":false},"author":6,"featured_media":9257,"menu_order":11,"comment_status":"closed","ping_status":"closed","template":"","format":"standard","meta":{"_acf_changed":false,"footnotes":""},"categories":[987],"tags":[],"class_list":["post-6998","events","type-events","status-publish","format-standard","has-post-thumbnail","hentry","category-gecmis-etkinlik"],"acf":[],"_links":{"self":[{"href":"https:\/\/sinopale8.org\/tr\/wp-json\/wp\/v2\/events\/6998","targetHints":{"allow":["GET"]}}],"collection":[{"href":"https:\/\/sinopale8.org\/tr\/wp-json\/wp\/v2\/events"}],"about":[{"href":"https:\/\/sinopale8.org\/tr\/wp-json\/wp\/v2\/types\/events"}],"author":[{"embeddable":true,"href":"https:\/\/sinopale8.org\/tr\/wp-json\/wp\/v2\/users\/6"}],"replies":[{"embeddable":true,"href":"https:\/\/sinopale8.org\/tr\/wp-json\/wp\/v2\/comments?post=6998"}],"version-history":[{"count":16,"href":"https:\/\/sinopale8.org\/tr\/wp-json\/wp\/v2\/events\/6998\/revisions"}],"predecessor-version":[{"id":12122,"href":"https:\/\/sinopale8.org\/tr\/wp-json\/wp\/v2\/events\/6998\/revisions\/12122"}],"wp:featuredmedia":[{"embeddable":true,"href":"https:\/\/sinopale8.org\/tr\/wp-json\/wp\/v2\/media\/9257"}],"wp:attachment":[{"href":"https:\/\/sinopale8.org\/tr\/wp-json\/wp\/v2\/media?parent=6998"}],"wp:term":[{"taxonomy":"category","embeddable":true,"href":"https:\/\/sinopale8.org\/tr\/wp-json\/wp\/v2\/categories?post=6998"},{"taxonomy":"post_tag","embeddable":true,"href":"https:\/\/sinopale8.org\/tr\/wp-json\/wp\/v2\/tags?post=6998"}],"curies":[{"name":"wp","href":"https:\/\/api.w.org\/{rel}","templated":true}]}}